{"id":4595,"date":"2025-03-25T10:44:13","date_gmt":"2025-03-25T13:44:13","guid":{"rendered":"https:\/\/fgfm.com.br\/fgfm\/?page_id=4595"},"modified":"2025-03-25T10:46:10","modified_gmt":"2025-03-25T13:46:10","slug":"campeonato-estadual-individual-categoria-sub-15","status":"publish","type":"page","link":"https:\/\/fgfm.com.br\/fgfm\/campeonato-estadual-individual-categoria-sub-15\/","title":{"rendered":"Campeonato Estadual Individual \u2013 (categoria Sub-15)"},"content":{"rendered":"\t\t<div data-elementor-type=\"wp-post\" data-elementor-id=\"4595\" class=\"elementor elementor-4595\">\n\t\t\t\t\t\t<section class=\"elementor-section elementor-top-section elementor-element elementor-element-a61782e elementor-section-height-min-height elementor-section-content-middle elementor-section-stretched elementor-section-boxed elementor-section-height-default elementor-section-items-middle\" data-id=\"a61782e\" data-element_type=\"section\" data-settings=\"{&quot;background_background&quot;:&quot;classic&quot;,&quot;stretch_section&quot;:&quot;section-stretched&quot;}\">\n\t\t\t\t\t\t\t<div class=\"elementor-background-overlay\"><\/div>\n\t\t\t\t\t\t\t<div class=\"elementor-container elementor-column-gap-default\">\n\t\t\t\t\t<div class=\"elementor-column elementor-col-100 elementor-top-column elementor-element elementor-element-496e5251\" data-id=\"496e5251\" data-element_type=\"column\" data-settings=\"{&quot;background_background&quot;:&quot;classic&quot;}\">\n\t\t\t<div class=\"elementor-widget-wrap elementor-element-populated\">\n\t\t\t\t\t\t<div class=\"elementor-element elementor-element-0194fc6 elementor-widget elementor-widget-heading\" data-id=\"0194fc6\" data-element_type=\"widget\" data-widget_type=\"heading.default\">\n\t\t\t\t<div class=\"elementor-widget-container\">\n\t\t\t<h2 class=\"elementor-heading-title elementor-size-large\">Campeonato Estadual Individual<\/h2>\t\t<\/div>\n\t\t\t\t<\/div>\n\t\t\t\t<div class=\"elementor-element elementor-element-9ae2ede elementor-widget elementor-widget-heading\" data-id=\"9ae2ede\" data-element_type=\"widget\" data-widget_type=\"heading.default\">\n\t\t\t\t<div class=\"elementor-widget-container\">\n\t\t\t<h2 class=\"elementor-heading-title elementor-size-default\">12 Toques  \u2013 (categoria sub 15)<\/h2>\t\t<\/div>\n\t\t\t\t<\/div>\n\t\t\t\t\t<\/div>\n\t\t<\/div>\n\t\t\t\t\t<\/div>\n\t\t<\/section>\n\t\t\t\t<section class=\"elementor-section elementor-top-section elementor-element elementor-element-a593c2b elementor-section-boxed elementor-section-height-default elementor-section-height-default\" data-id=\"a593c2b\" data-element_type=\"section\">\n\t\t\t\t\t\t<div class=\"elementor-container elementor-column-gap-default\">\n\t\t\t\t\t<div class=\"elementor-column elementor-col-33 elementor-top-column elementor-element elementor-element-a96f3d5\" data-id=\"a96f3d5\" data-element_type=\"column\">\n\t\t\t<div class=\"elementor-widget-wrap\">\n\t\t\t\t\t\t\t<\/div>\n\t\t<\/div>\n\t\t\t\t<div class=\"elementor-column elementor-col-33 elementor-top-column elementor-element elementor-element-de42ddc\" data-id=\"de42ddc\" data-element_type=\"column\">\n\t\t\t<div class=\"elementor-widget-wrap elementor-element-populated\">\n\t\t\t\t\t\t<div class=\"elementor-element elementor-element-0688b90 elementor-widget elementor-widget-text-editor\" data-id=\"0688b90\" data-element_type=\"widget\" data-widget_type=\"text-editor.default\">\n\t\t\t\t<div class=\"elementor-widget-container\">\n\t\t\t\t\t\t\t<p><strong>Edi\u00e7\u00e3o I \u2013 2011 \u2013 Passo Fundo\/RS<\/strong><\/p><p>Campe\u00e3o: Kevin Kopper (GNU)<\/p><p>Vice-campe\u00e3o: C\u00e9sar Henrique Seganfredo \u2013 IKE (ABP)<\/p><p>\u00a0<\/p><p><strong>Edi\u00e7\u00e3o II \u2013 2012 \u2013 Tapejara\/RS<\/strong><\/p><p>Campe\u00e3o: Andrei Floriano de Oliveira (AEVF)<\/p><p>Vice-campe\u00e3o: Matheus Gardelin (AHFM)<\/p><p>\u00a0<\/p><p><strong>Edi\u00e7\u00e3o III \u2013 2013 \u2013 Tapejara\/RS<\/strong><\/p><p>Campe\u00e3o: Jo\u00e3o Vitor Boff (AHFM)<\/p><p>Vice-campe\u00e3o: C\u00e9sar Henrique Seganfredo \u2013 IKE (ABP)<\/p><p>\u00a0<\/p><p><strong>Edi\u00e7\u00e3o IV \u2013 2014 \u2013 Tapejara\/RS<\/strong><\/p><p>Campe\u00e3o: Matheus Gardelin (AHFM)<\/p><p>Vice-campe\u00e3o: Riuana Floriano de Oliveira (AEVF)<\/p><p>\u00a0<\/p><p><strong>Edi\u00e7\u00e3o V \u2013 2015 \u2013 Tapejara\/RS<\/strong><\/p><p>Campe\u00e3o: Matheus Gardelin (AHFM)<\/p><p>Vice-campe\u00e3o: Riuana Floriano de Oliveira (AEVF)<\/p><p>\u00a0<\/p><p><strong>Edi\u00e7\u00e3o VI \u2013 2016 \u2013 Porto Alegre\/RS<\/strong><\/p><p>Campe\u00e3o: Riuana Floriano de Oliveira (AEVF)<\/p><p>Vice-campe\u00e3o: Matheus Gardelin (AHFM)<\/p>\t\t\t\t\t\t<\/div>\n\t\t\t\t<\/div>\n\t\t\t\t\t<\/div>\n\t\t<\/div>\n\t\t\t\t<div class=\"elementor-column elementor-col-33 elementor-top-column elementor-element elementor-element-4723d4e\" data-id=\"4723d4e\" data-element_type=\"column\">\n\t\t\t<div class=\"elementor-widget-wrap\">\n\t\t\t\t\t\t\t<\/div>\n\t\t<\/div>\n\t\t\t\t\t<\/div>\n\t\t<\/section>\n\t\t\t\t<section class=\"elementor-section elementor-top-section elementor-element elementor-element-dda241c elementor-section-boxed elementor-section-height-default elementor-section-height-default\" data-id=\"dda241c\" data-element_type=\"section\">\n\t\t\t\t\t\t<div class=\"elementor-container elementor-column-gap-default\">\n\t\t\t\t\t<div class=\"elementor-column elementor-col-33 elementor-top-column elementor-element elementor-element-4b5ed4e\" data-id=\"4b5ed4e\" data-element_type=\"column\">\n\t\t\t<div class=\"elementor-widget-wrap\">\n\t\t\t\t\t\t\t<\/div>\n\t\t<\/div>\n\t\t\t\t<div class=\"elementor-column elementor-col-33 elementor-top-column elementor-element elementor-element-6ecaa90\" data-id=\"6ecaa90\" data-element_type=\"column\">\n\t\t\t<div class=\"elementor-widget-wrap elementor-element-populated\">\n\t\t\t\t\t\t<div class=\"elementor-element elementor-element-aa243b9 elementor-widget elementor-widget-html\" data-id=\"aa243b9\" data-element_type=\"widget\" data-widget_type=\"html.default\">\n\t\t\t\t<div class=\"elementor-widget-container\">\n\t\t\t<html>\n<body>\n<form> \n<input type=\"button\" value=\"Voltar\" onClick=\"history.go(-1)\"> \n<\/form>\n<\/body> \n<\/html>\t\t<\/div>\n\t\t\t\t<\/div>\n\t\t\t\t\t<\/div>\n\t\t<\/div>\n\t\t\t\t<div class=\"elementor-column elementor-col-33 elementor-top-column elementor-element elementor-element-92c2127\" data-id=\"92c2127\" data-element_type=\"column\">\n\t\t\t<div class=\"elementor-widget-wrap\">\n\t\t\t\t\t\t\t<\/div>\n\t\t<\/div>\n\t\t\t\t\t<\/div>\n\t\t<\/section>\n\t\t\t\t<\/div>\n\t\t","protected":false},"excerpt":{"rendered":"<p>Campeonato Estadual Individual 12 Toques \u2013 (categoria sub 15) Edi\u00e7\u00e3o I \u2013 2011 \u2013 Passo Fundo\/RS Campe\u00e3o: Kevin Kopper (GNU) Vice-campe\u00e3o: C\u00e9sar Henrique Seganfredo \u2013 IKE (ABP) \u00a0 Edi\u00e7\u00e3o II \u2013 2012 \u2013 Tapejara\/RS Campe\u00e3o: Andrei Floriano de Oliveira (AEVF) Vice-campe\u00e3o: Matheus Gardelin (AHFM) \u00a0 Edi\u00e7\u00e3o III \u2013 2013 \u2013<\/p>\n","protected":false},"author":1,"featured_media":0,"parent":0,"menu_order":0,"comment_status":"closed","ping_status":"closed","template":"elementor_header_footer","meta":{"footnotes":""},"class_list":["post-4595","page","type-page","status-publish","hentry"],"_links":{"self":[{"href":"https:\/\/fgfm.com.br\/fgfm\/wp-json\/wp\/v2\/pages\/4595","targetHints":{"allow":["GET"]}}],"collection":[{"href":"https:\/\/fgfm.com.br\/fgfm\/wp-json\/wp\/v2\/pages"}],"about":[{"href":"https:\/\/fgfm.com.br\/fgfm\/wp-json\/wp\/v2\/types\/page"}],"author":[{"embeddable":true,"href":"https:\/\/fgfm.com.br\/fgfm\/wp-json\/wp\/v2\/users\/1"}],"replies":[{"embeddable":true,"href":"https:\/\/fgfm.com.br\/fgfm\/wp-json\/wp\/v2\/comments?post=4595"}],"version-history":[{"count":5,"href":"https:\/\/fgfm.com.br\/fgfm\/wp-json\/wp\/v2\/pages\/4595\/revisions"}],"predecessor-version":[{"id":4600,"href":"https:\/\/fgfm.com.br\/fgfm\/wp-json\/wp\/v2\/pages\/4595\/revisions\/4600"}],"wp:attachment":[{"href":"https:\/\/fgfm.com.br\/fgfm\/wp-json\/wp\/v2\/media?parent=4595"}],"curies":[{"name":"wp","href":"https:\/\/api.w.org\/{rel}","templated":true}]}}